{"id":6411,"date":"2025-11-20T12:28:10","date_gmt":"2025-11-20T12:28:10","guid":{"rendered":"https:\/\/africansecuritynetwork.org\/HSGO4\/?page_id=6411"},"modified":"2025-11-20T12:28:10","modified_gmt":"2025-11-20T12:28:10","slug":"acteurs-et-institutions-securitaires-de-letat-malien-2","status":"publish","type":"page","link":"https:\/\/africansecuritynetwork.org\/HSGO4\/index.php\/acteurs-et-institutions-securitaires-de-letat-malien-2\/","title":{"rendered":"Acteurs et Institutions s\u00e9curitaires de l&#8217;\u00c9tat Malien"},"content":{"rendered":"\t\t<div data-elementor-type=\"wp-page\" data-elementor-id=\"6411\" class=\"elementor elementor-6411\" data-elementor-post-type=\"page\">\n\t\t\t\t<div class=\"elementor-element elementor-element-f9ae7ef e-flex e-con-boxed e-con e-parent\" data-id=\"f9ae7ef\" data-element_type=\"container\">\n\t\t\t\t\t<div class=\"e-con-inner\">\n\t\t\t\t<div class=\"elementor-element elementor-element-46c0fdc elementor-widget elementor-widget-heading\" data-id=\"46c0fdc\" data-element_type=\"widget\" data-widget_type=\"heading.default\">\n\t\t\t\t\t<h4 class=\"elementor-heading-title elementor-size-default\">Acteurs et institutions s\u00e9curitaires de l'\u00c9tat Malien<\/h4>\t\t\t\t<\/div>\n\t\t\t\t\t<\/div>\n\t\t\t\t<\/div>\n\t\t<div class=\"elementor-element elementor-element-030fa42 e-flex e-con-boxed e-con e-parent\" data-id=\"030fa42\" data-element_type=\"container\">\n\t\t\t\t\t<div class=\"e-con-inner\">\n\t\t<div class=\"elementor-element elementor-element-943835e e-con-full e-flex e-con e-child\" data-id=\"943835e\" data-element_type=\"container\">\n\t\t\t\t<div class=\"elementor-element elementor-element-b1fa5a4 elementor-button-success elementor-align-justify elementor-widget elementor-widget-button\" data-id=\"b1fa5a4\" data-element_type=\"widget\" data-widget_type=\"button.default\">\n\t\t\t\t\t\t\t\t\t\t<a class=\"elementor-button elementor-button-link elementor-size-sm\" href=\"#for\">\n\t\t\t\t\t\t<span class=\"elementor-button-content-wrapper\">\n\t\t\t\t\t\t\t\t\t<span class=\"elementor-button-text\">Les Forces Arm\u00e9es<\/span>\n\t\t\t\t\t<\/span>\n\t\t\t\t\t<\/a>\n\t\t\t\t\t\t\t\t<\/div>\n\t\t\t\t<\/div>\n\t\t<div class=\"elementor-element elementor-element-a2e8946 e-con-full e-flex e-con e-child\" data-id=\"a2e8946\" data-element_type=\"container\">\n\t\t\t\t<div class=\"elementor-element elementor-element-22be577 elementor-button-warning elementor-align-justify elementor-widget elementor-widget-button\" data-id=\"22be577\" data-element_type=\"widget\" data-widget_type=\"button.default\">\n\t\t\t\t\t\t\t\t\t\t<a class=\"elementor-button elementor-button-link elementor-size-sm\" href=\"#pol\">\n\t\t\t\t\t\t<span class=\"elementor-button-content-wrapper\">\n\t\t\t\t\t\t\t\t\t<span class=\"elementor-button-text\">La Police Nationale<\/span>\n\t\t\t\t\t<\/span>\n\t\t\t\t\t<\/a>\n\t\t\t\t\t\t\t\t<\/div>\n\t\t\t\t<\/div>\n\t\t<div class=\"elementor-element elementor-element-fdde3f9 e-con-full e-flex e-con e-child\" data-id=\"fdde3f9\" data-element_type=\"container\">\n\t\t\t\t<div class=\"elementor-element elementor-element-3f520f9 elementor-button-info elementor-align-justify elementor-widget elementor-widget-button\" data-id=\"3f520f9\" data-element_type=\"widget\" data-widget_type=\"button.default\">\n\t\t\t\t\t\t\t\t\t\t<a class=\"elementor-button elementor-button-link elementor-size-sm\" href=\"#ddr\">\n\t\t\t\t\t\t<span class=\"elementor-button-content-wrapper\">\n\t\t\t\t\t\t\t\t\t<span class=\"elementor-button-text\">Le processus DDR<\/span>\n\t\t\t\t\t<\/span>\n\t\t\t\t\t<\/a>\n\t\t\t\t\t\t\t\t<\/div>\n\t\t\t\t<\/div>\n\t\t<div class=\"elementor-element elementor-element-1ca9de8 e-con-full e-flex e-con e-child\" data-id=\"1ca9de8\" data-element_type=\"container\">\n\t\t\t\t<div class=\"elementor-element elementor-element-872ca08 elementor-button-danger elementor-align-justify elementor-widget elementor-widget-button\" data-id=\"872ca08\" data-element_type=\"widget\" data-widget_type=\"button.default\">\n\t\t\t\t\t\t\t\t\t\t<a class=\"elementor-button elementor-button-link elementor-size-sm\" href=\"#assis\">\n\t\t\t\t\t\t<span class=\"elementor-button-content-wrapper\">\n\t\t\t\t\t\t\t\t\t<span class=\"elementor-button-text\">L\u2019assistance internationale<\/span>\n\t\t\t\t\t<\/span>\n\t\t\t\t\t<\/a>\n\t\t\t\t\t\t\t\t<\/div>\n\t\t\t\t<\/div>\n\t\t\t\t\t<\/div>\n\t\t\t\t<\/div>\n\t\t<div class=\"elementor-element elementor-element-b0f8aac e-flex e-con-boxed e-con e-parent\" data-id=\"b0f8aac\" data-element_type=\"container\">\n\t\t\t\t\t<div class=\"e-con-inner\">\n\t\t\t\t<div class=\"elementor-element elementor-element-04914cb elementor-widget elementor-widget-menu-anchor\" data-id=\"04914cb\" data-element_type=\"widget\" data-widget_type=\"menu-anchor.default\">\n\t\t\t\t\t\t\t<div class=\"elementor-menu-anchor\" id=\"for\"><\/div>\n\t\t\t\t\t\t<\/div>\n\t\t\t\t\t<\/div>\n\t\t\t\t<\/div>\n\t\t<div class=\"elementor-element elementor-element-b9f35e3 e-flex e-con-boxed e-con e-parent\" data-id=\"b9f35e3\" data-element_type=\"container\">\n\t\t\t\t\t<div class=\"e-con-inner\">\n\t\t<div class=\"elementor-element elementor-element-6d7a4d8 e-con-full e-flex e-con e-child\" data-id=\"6d7a4d8\" data-element_type=\"container\">\n\t\t\t\t<div class=\"elementor-element elementor-element-cee5cbc elementor-widget elementor-widget-image\" data-id=\"cee5cbc\" data-element_type=\"widget\" data-widget_type=\"image.default\">\n\t\t\t\t\t\t\t\t\t\t\t\t\t\t\t<img decoding=\"async\" width=\"171\" height=\"172\" src=\"https:\/\/africansecuritynetwork.org\/HSGO4\/wp-content\/uploads\/2024\/12\/fama_badge-u30854.png\" class=\"attachment-large size-large wp-image-355\" alt=\"\" srcset=\"https:\/\/africansecuritynetwork.org\/HSGO4\/wp-content\/uploads\/2024\/12\/fama_badge-u30854.png 171w, https:\/\/africansecuritynetwork.org\/HSGO4\/wp-content\/uploads\/2024\/12\/fama_badge-u30854-150x150.png 150w\" sizes=\"(max-width: 171px) 100vw, 171px\" \/>\t\t\t\t\t\t\t\t\t\t\t\t\t\t\t<\/div>\n\t\t\t\t<\/div>\n\t\t<div class=\"elementor-element elementor-element-81eaa2a e-con-full e-flex e-con e-child\" data-id=\"81eaa2a\" data-element_type=\"container\">\n\t\t\t\t<div class=\"elementor-element elementor-element-cffefb8 elementor-widget elementor-widget-text-editor\" data-id=\"cffefb8\" data-element_type=\"widget\" data-widget_type=\"text-editor.default\">\n\t\t\t\t\t\t\t\t\t<h5 class=\"p1\"><b>Les Forces Arm\u00e9es Maliennes &#8211; FAMA<\/b><\/h5><p class=\"p2\">L\u2019arm\u00e9e malienne a \u00e9t\u00e9 cr\u00e9\u00e9 le 1 octobre 1960 apr\u00e8s l\u2019accession \u00e0 l\u2019ind\u00e9pendance de la R\u00e9publique du Mali.<\/p>\t\t\t\t\t\t\t\t<\/div>\n\t\t\t\t<\/div>\n\t\t<div class=\"elementor-element elementor-element-fa5a902 e-con-full e-flex e-con e-child\" data-id=\"fa5a902\" data-element_type=\"container\">\n\t\t\t\t<div class=\"elementor-element elementor-element-7447df3 elementor-widget elementor-widget-image\" data-id=\"7447df3\" data-element_type=\"widget\" data-widget_type=\"image.default\">\n\t\t\t\t\t\t\t\t\t\t\t\t\t\t\t<img fetchpriority=\"high\" decoding=\"async\" width=\"800\" height=\"450\" src=\"https:\/\/africansecuritynetwork.org\/HSGO4\/wp-content\/uploads\/2024\/12\/ffaa_composition.png\" class=\"attachment-large size-large wp-image-356\" alt=\"\" srcset=\"https:\/\/africansecuritynetwork.org\/HSGO4\/wp-content\/uploads\/2024\/12\/ffaa_composition.png 839w, https:\/\/africansecuritynetwork.org\/HSGO4\/wp-content\/uploads\/2024\/12\/ffaa_composition-300x169.png 300w, https:\/\/africansecuritynetwork.org\/HSGO4\/wp-content\/uploads\/2024\/12\/ffaa_composition-768x432.png 768w\" sizes=\"(max-width: 800px) 100vw, 800px\" \/>\t\t\t\t\t\t\t\t\t\t\t\t\t\t\t<\/div>\n\t\t\t\t<div class=\"elementor-element elementor-element-6ccf1d3 elementor-widget elementor-widget-text-editor\" data-id=\"6ccf1d3\" data-element_type=\"widget\" data-widget_type=\"text-editor.default\">\n\t\t\t\t\t\t\t\t\t<p><span id=\"u30858\">Source:\u00a0<\/span><a class=\"nonblock\" href=\"https:\/\/sgg-mali.ml\/JO\/2019\/mali-jo-2019-06.pdf\" target=\"_blank\" rel=\"noopener\">Ordonnance n\u00b02019-001\/P-RM du 4 mars 2019 portant cr\u00e9ation de l\u2019Arm\u00e9e de Terre ; n\u00b02019-002\/P-RM portant cr\u00e9ation de l\u2019Arm\u00e9e de l\u2019Air ; n\u00b02019-003\/P-RM portant cr\u00e9ation de la Garde Nationale du Mali<\/a>.\u00a0\u00a0<a class=\"nonblock\" href=\"https:\/\/sgg-mali.ml\/JO\/2019\/mali-jo-2019-12.pdf\" target=\"_blank\" rel=\"noopener\">Ordonnance n\u00b02019-008\/P-RM du 27 mars 2019 portant cr\u00e9ation de la Gendarmerie nationale.<\/a><\/p>\t\t\t\t\t\t\t\t<\/div>\n\t\t\t\t<\/div>\n\t\t\t\t\t<\/div>\n\t\t\t\t<\/div>\n\t\t<div class=\"elementor-element elementor-element-94c58db e-flex e-con-boxed e-con e-parent\" data-id=\"94c58db\" data-element_type=\"container\">\n\t\t\t\t\t<div class=\"e-con-inner\">\n\t\t\t\t<div class=\"elementor-element elementor-element-a64ebf3 elementor-widget elementor-widget-text-editor\" data-id=\"a64ebf3\" data-element_type=\"widget\" data-widget_type=\"text-editor.default\">\n\t\t\t\t\t\t\t\t\t<p class=\"p1\">Le commandant en chef des arm\u00e9es est le Pr\u00e9sident de la R\u00e9publique, assist\u00e9 du ministre de la D\u00e9fense et du chef d&#8217;\u00e9tat-major. L&#8217;administration centrale du minist\u00e8re de la D\u00e9fense se compose de :<\/p><p class=\"p1\">\u2022 L\u2019\u00c9tat-major g\u00e9n\u00e9ral des Arm\u00e9es (EMGA)<\/p><p class=\"p1\">\u2022 L\u2019\u00c9tat-major de l&#8217;Arm\u00e9e de Terre (EMAT)<\/p><p class=\"p1\">\u2022 L\u2019\u00c9tat-major de l&#8217;Arm\u00e9e de l&#8217;Air (EMAA)<\/p><p class=\"p1\">\u2022 L\u2019\u00c9tat-major de la Garde Nationale du Mali (GNM)<\/p><p class=\"p1\">\u2022 La Direction G\u00e9n\u00e9rale de la Gendarmerie Nationale (DGGN)<\/p><p class=\"p2\"><span class=\"s1\"><a href=\"https:\/\/www.fama.ml\/\"><b>Lien vers le site officiel des FAMA<\/b><\/a><\/span><\/p><p class=\"p2\"><span class=\"s1\"><a href=\"https:\/\/x.com\/fama_dirpa\"><b>X (formerly twitter)\u00a0\u00a0<\/b><\/a><\/span><\/p><p class=\"p2\"><span class=\"s1\"><a href=\"https:\/\/www.facebook.com\/LesForcesArmeesMaliennes\"><b>Facebook<\/b><\/a><\/span><\/p>\t\t\t\t\t\t\t\t<\/div>\n\t\t\t\t\t<\/div>\n\t\t\t\t<\/div>\n\t\t<div class=\"elementor-element elementor-element-570adf7 e-flex e-con-boxed e-con e-parent\" data-id=\"570adf7\" data-element_type=\"container\">\n\t\t\t\t\t<div class=\"e-con-inner\">\n\t\t\t\t<div class=\"elementor-element elementor-element-108e639 elementor-widget elementor-widget-menu-anchor\" data-id=\"108e639\" data-element_type=\"widget\" data-widget_type=\"menu-anchor.default\">\n\t\t\t\t\t\t\t<div class=\"elementor-menu-anchor\" id=\"pol\"><\/div>\n\t\t\t\t\t\t<\/div>\n\t\t\t\t\t<\/div>\n\t\t\t\t<\/div>\n\t\t<div class=\"elementor-element elementor-element-15588ba e-flex e-con-boxed e-con e-parent\" data-id=\"15588ba\" data-element_type=\"container\">\n\t\t\t\t\t<div class=\"e-con-inner\">\n\t\t<div class=\"elementor-element elementor-element-c8b1114 e-con-full e-flex e-con e-child\" data-id=\"c8b1114\" data-element_type=\"container\">\n\t\t\t\t<div class=\"elementor-element elementor-element-d9d1bef elementor-widget elementor-widget-image\" data-id=\"d9d1bef\" data-element_type=\"widget\" data-widget_type=\"image.default\">\n\t\t\t\t\t\t\t\t\t\t\t\t\t\t\t<img decoding=\"async\" width=\"134\" height=\"185\" src=\"https:\/\/africansecuritynetwork.org\/HSGO4\/wp-content\/uploads\/2024\/12\/police_du_mali_badge-u30899.png\" class=\"attachment-large size-large wp-image-361\" alt=\"\" \/>\t\t\t\t\t\t\t\t\t\t\t\t\t\t\t<\/div>\n\t\t\t\t<\/div>\n\t\t<div class=\"elementor-element elementor-element-077ae5b e-con-full e-flex e-con e-child\" data-id=\"077ae5b\" data-element_type=\"container\">\n\t\t\t\t<div class=\"elementor-element elementor-element-b7487f5 elementor-widget elementor-widget-text-editor\" data-id=\"b7487f5\" data-element_type=\"widget\" data-widget_type=\"text-editor.default\">\n\t\t\t\t\t\t\t\t\t<div id=\"u30901-4\" class=\"clearfix grpelem\"><p class=\"TX_Lato_150\">La Police Nationale est plac\u00e9e sous l\u2019autorit\u00e9 du minist\u00e8re de la S\u00e9curit\u00e9 et de la Protection Civile. Elle est en charge du maintien de l\u2019ordre et de la s\u00e9curit\u00e9 publique et s\u2019assure de l\u2019ex\u00e9cution des lois et r\u00e8glements.<\/p><\/div>\t\t\t\t\t\t\t\t<\/div>\n\t\t\t\t<\/div>\n\t\t<div class=\"elementor-element elementor-element-afe63ec e-con-full e-flex e-con e-child\" data-id=\"afe63ec\" data-element_type=\"container\">\n\t\t\t\t<div class=\"elementor-element elementor-element-548b8cd elementor-widget elementor-widget-text-editor\" data-id=\"548b8cd\" data-element_type=\"widget\" data-widget_type=\"text-editor.default\">\n\t\t\t\t\t\t\t\t\t<div id=\"u30902-46\" class=\"clearfix colelem\"><h5 class=\"p1\"><b>Histoire et mission<\/b><\/h5><p class=\"p2\">A l\u2019accession du Mali \u00e0 l\u2019ind\u00e9pendance, les fonctionnaires de la Police nationale relevaient du statut g\u00e9n\u00e9ral des fonctionnaires. En 1968, le corps de la Police est devenu semi-militaire avant d\u2019\u00eatre int\u00e9gr\u00e9 au sein de la direction g\u00e9n\u00e9rale des services de s\u00e9curit\u00e9.<\/p><p class=\"p2\">C\u2019est en 1993 que le statut g\u00e9n\u00e9ral des fonctionnaires de police a \u00e9t\u00e9 \u00e9labor\u00e9 et a consacr\u00e9 la d\u00e9militarisation de la police, avec la cr\u00e9ation de syndicats en son sein. En 2002, le\u00a0<a href=\"https:\/\/sgg-mali.ml\/JO\/2002\/mali-jo-2002-36.pdf\"><span class=\"s1\">Statut g\u00e9n\u00e9ral des fonctionnaires de Police<\/span><\/a>\u00a0s\u2019est davantage ancr\u00e9 d\u2019un point de vue institutionnel. L\u2019actuelle d\u00e9nomination du service central \u00ab La direction g\u00e9n\u00e9rale de la police nationale \u00bb a \u00e9t\u00e9 cr\u00e9\u00e9e par une<a href=\"https:\/\/sgg-mali.ml\/JO\/2004\/mali-jo-2004-30.pdf\"><span class=\"s1\">\u00a0ordonnance de septembre 2004<\/span><\/a>\u00a0et ratifi\u00e9e par la<a href=\"https:\/\/sgg-mali.ml\/JO\/2005\/mali-jo-2005-19.pdf\"><span class=\"s1\">\u00a0loi de 2005<\/span><\/a>, avec la mission d\u2019\u00e9laborer et d\u2019assurer la mise en \u0153uvre des \u00e9l\u00e9ments de la politique nationale dans le domaine du maintien de l\u2019ordre et de la s\u00e9curit\u00e9 publics et de pr\u00eater son concours \u00e0 l\u2019ex\u00e9cution des lois et des r\u00e8glements<\/p><p class=\"p2\">La Police Nationale est une des composantes principales des forces de s\u00e9curit\u00e9. Elle est charg\u00e9e de :<\/p><p class=\"p3\">\u2022 Assurer la protection des personnes et des biens.<\/p><p class=\"p3\">\u2022 Maintenir l\u2019ordre, la s\u00fbret\u00e9, la s\u00e9curit\u00e9 et la tranquillit\u00e9 publics.<\/p><p class=\"p3\">\u2022 Veiller au respect des lois et r\u00e8glements par l\u2019ex\u00e9cution des missions de Police Administrative et de Police Judiciaire.<\/p><p class=\"p3\">\u2022 Assurer le contr\u00f4le de la r\u00e9glementation sur les armes et les munitions.<\/p><p class=\"p3\">\u2022 Contr\u00f4ler les activit\u00e9s des services priv\u00e9s de s\u00e9curit\u00e9.<\/p><p class=\"p3\">\u2022 Contr\u00f4ler les \u00e9tablissements class\u00e9s de jeu.<\/p><p class=\"p3\">\u2022 Assurer la Police de l\u2019Air et des fronti\u00e8res.<\/p><p class=\"p3\">\u2022 Participer \u00e0 la protection des Institutions de l\u2019\u00c9tat et des Hautes Personnalit\u00e9s.<\/p><p class=\"p3\">\u2022 Participer \u00e0 la mission d\u2019Information du Gouvernement.<\/p><p class=\"p3\">\u2022 Participer aux actions de maintien de la paix et d\u2019assistance humanitaire.<\/p><p class=\"p3\">\u2022 Participer \u00e0 la protection et \u00e0 la d\u00e9fense civile.<\/p><p class=\"p3\">Le jeudi 20 octobre 2022, le Conseil national de transition (CNT) a approuv\u00e9 la\u00a0<a href=\"https:\/\/sgg-mali.ml\/JO\/2022\/mali-jo-2022-14-sp.pdf\"><span class=\"s1\">militarisation de la police et de la protection civile<\/span><\/a>.<\/p><h5 class=\"p1\"><b>Composition<\/b><\/h5><p class=\"p2\">Le\u00a0<a href=\"https:\/\/www.ilo.org\/dyn\/natlex\/docs\/ELECTRONIC\/96996\/114913\/F-22290666\/MLI-96996.pdf\"><span class=\"s1\">Statut g\u00e9n\u00e9ral des fonctionnaires de la Police<\/span><\/a>\u00a0adopt\u00e9 en 2002 r\u00e9partit les policiers en trois corps :<\/p><p class=\"p2\">\u2022 Le corps des Commissaires de Police : ce corps comprend les grades d\u2019Inspecteur G\u00e9n\u00e9ral de Police, de Contr\u00f4leur G\u00e9n\u00e9ral de Police, de Commissaire Divisionnaire de Police, de Commissaire Principal de Police et de Commissaire de Police.<\/p><p class=\"p2\">\u2022 Ensuite, le corps des Inspecteurs de Police, qui comprend les grades d\u2019Inspecteur de Police de Classe Exceptionnelle, d\u2019Inspecteur Divisionnaire de Police, d\u2019Inspecteur Principal de Police et d\u2019Inspecteur de Police.<\/p><p class=\"p2\">\u2022 Enfin, le corps des Sous-officiers de Police, compos\u00e9 des grades suivants: Major de Police, Adjudant-chef de Police, Adjudant de Police, Sergent-chef de Police et Sergent de Police.<\/p><\/div>\t\t\t\t\t\t\t\t<\/div>\n\t\t\t\t<div class=\"elementor-element elementor-element-ed6f6f5 elementor-widget elementor-widget-image\" data-id=\"ed6f6f5\" data-element_type=\"widget\" data-widget_type=\"image.default\">\n\t\t\t\t\t\t\t\t\t\t\t\t\t\t\t<img loading=\"lazy\" decoding=\"async\" width=\"800\" height=\"352\" src=\"https:\/\/africansecuritynetwork.org\/HSGO4\/wp-content\/uploads\/2024\/12\/police_organigrama.png\" class=\"attachment-large size-large wp-image-362\" alt=\"\" srcset=\"https:\/\/africansecuritynetwork.org\/HSGO4\/wp-content\/uploads\/2024\/12\/police_organigrama.png 830w, https:\/\/africansecuritynetwork.org\/HSGO4\/wp-content\/uploads\/2024\/12\/police_organigrama-300x132.png 300w, https:\/\/africansecuritynetwork.org\/HSGO4\/wp-content\/uploads\/2024\/12\/police_organigrama-768x338.png 768w\" sizes=\"(max-width: 800px) 100vw, 800px\" \/>\t\t\t\t\t\t\t\t\t\t\t\t\t\t\t<\/div>\n\t\t\t\t<div class=\"elementor-element elementor-element-940688d elementor-widget elementor-widget-text-editor\" data-id=\"940688d\" data-element_type=\"widget\" data-widget_type=\"text-editor.default\">\n\t\t\t\t\t\t\t\t\t<p class=\"TX_Lato_150\">La classification des emplois du plan de carri\u00e8re de la Police Nationale est d\u00e9termin\u00e9e par<a class=\"nonblock\" href=\"https:\/\/sgg-mali.ml\/JO\/2021\/mali-jo-2021-41.pdf\" target=\"_blank\" rel=\"noopener\">\u00a0le d\u00e9cret 0976 de 2021<\/a>.<\/p><p class=\"TX_Lato_150\">Apr\u00e8s l\u2019adoption de la loi susmentionn\u00e9e, la police a \u00e9t\u00e9 militaris\u00e9e le\u00a0<a class=\"nonblock\" href=\"https:\/\/sgg-mali.ml\/JO\/2022\/mali-jo-2022-14-sp.pdf\" target=\"_blank\" rel=\"noopener\">27 octobre 2022<\/a>.\u00a0 Ainsi, la Police Nationale rel\u00e8ve d\u00e9sormais du statut g\u00e9n\u00e9ral des militaires. Cela implique que la police ne peut pas s&#8217;organiser en syndicat, et ne peut plus en cons\u00e9quence organiser des gr\u00e8ves. Son d\u00e9ploiement et son engagement rel\u00e8vent du Chef d&#8217;\u00e9tat-major des Arm\u00e9es. La Police Nationale reste rattach\u00e9e au minist\u00e8re de la S\u00e9curit\u00e9 et de la Protection civile pour emploi sous l&#8217;ordre et l&#8217;autorisation du CEMGA.<\/p>\t\t\t\t\t\t\t\t<\/div>\n\t\t\t\t<\/div>\n\t\t\t\t\t<\/div>\n\t\t\t\t<\/div>\n\t\t<div class=\"elementor-element elementor-element-35a2755 e-flex e-con-boxed e-con e-parent\" data-id=\"35a2755\" data-element_type=\"container\">\n\t\t\t\t\t<div class=\"e-con-inner\">\n\t\t\t\t<div class=\"elementor-element elementor-element-d5a73b3 elementor-widget elementor-widget-menu-anchor\" data-id=\"d5a73b3\" data-element_type=\"widget\" data-widget_type=\"menu-anchor.default\">\n\t\t\t\t\t\t\t<div class=\"elementor-menu-anchor\" id=\"ddr\"><\/div>\n\t\t\t\t\t\t<\/div>\n\t\t\t\t\t<\/div>\n\t\t\t\t<\/div>\n\t\t<div class=\"elementor-element elementor-element-3144399 e-flex e-con-boxed e-con e-parent\" data-id=\"3144399\" data-element_type=\"container\">\n\t\t\t\t\t<div class=\"e-con-inner\">\n\t\t<div class=\"elementor-element elementor-element-adf8116 e-con-full e-flex e-con e-child\" data-id=\"adf8116\" data-element_type=\"container\">\n\t\t\t\t<div class=\"elementor-element elementor-element-9d66485 elementor-widget elementor-widget-text-editor\" data-id=\"9d66485\" data-element_type=\"widget\" data-widget_type=\"text-editor.default\">\n\t\t\t\t\t\t\t\t\t<h5 class=\"p1\"><b>Le processus DDR<\/b><\/h5>\t\t\t\t\t\t\t\t<\/div>\n\t\t\t\t<\/div>\n\t\t<div class=\"elementor-element elementor-element-a5f7ae7 e-con-full e-flex e-con e-child\" data-id=\"a5f7ae7\" data-element_type=\"container\">\n\t\t\t\t<div class=\"elementor-element elementor-element-bc8d330 elementor-widget elementor-widget-image\" data-id=\"bc8d330\" data-element_type=\"widget\" data-widget_type=\"image.default\">\n\t\t\t\t\t\t\t\t\t\t\t\t\t\t\t<img loading=\"lazy\" decoding=\"async\" width=\"800\" height=\"299\" src=\"https:\/\/africansecuritynetwork.org\/HSGO4\/wp-content\/uploads\/2024\/12\/ffaa_chronologie_ddr.png\" class=\"attachment-large size-large wp-image-369\" alt=\"\" srcset=\"https:\/\/africansecuritynetwork.org\/HSGO4\/wp-content\/uploads\/2024\/12\/ffaa_chronologie_ddr.png 830w, https:\/\/africansecuritynetwork.org\/HSGO4\/wp-content\/uploads\/2024\/12\/ffaa_chronologie_ddr-300x112.png 300w, https:\/\/africansecuritynetwork.org\/HSGO4\/wp-content\/uploads\/2024\/12\/ffaa_chronologie_ddr-768x287.png 768w\" sizes=\"(max-width: 800px) 100vw, 800px\" \/>\t\t\t\t\t\t\t\t\t\t\t\t\t\t\t<\/div>\n\t\t\t\t<\/div>\n\t\t<div class=\"elementor-element elementor-element-c98ea18 e-con-full e-flex e-con e-child\" data-id=\"c98ea18\" data-element_type=\"container\">\n\t\t\t\t<div class=\"elementor-element elementor-element-5c4af21 elementor-widget elementor-widget-text-editor\" data-id=\"5c4af21\" data-element_type=\"widget\" data-widget_type=\"text-editor.default\">\n\t\t\t\t\t\t\t\t\t<p class=\"TX_Lato_150\">A la suite de\u00a0<a class=\"nonblock\" href=\"https:\/\/peacemaker.un.org\/sites\/peacemaker.un.org\/files\/ML_920411_PacteNationalGouvMaliAzawad.pdf\" target=\"_blank\" rel=\"noopener\">l\u2019Accord conclu en 1992<\/a>\u00a0entre le gouvernement malien et les groupes arm\u00e9s rebelles Touaregs, des combattants issus de ceux-ci ont \u00e9t\u00e9 int\u00e9gr\u00e9s dans l\u2019arm\u00e9e r\u00e9guli\u00e8re.<\/p><p class=\"TX_Lato_150\">Un autre processus d\u2019int\u00e9gration a \u00e9t\u00e9 de nouveau lanc\u00e9 \u00e0 la suite de la signature de\u00a0<a class=\"nonblock\" href=\"https:\/\/www.peaceagreements.org\/viewdocument\/2059\" target=\"_blank\" rel=\"noopener\">l\u2019Accord pour la Paix et la r\u00e9conciliation issu du processus d\u2019Alger<\/a>\u00a0de 2015 dans le cadre d\u2019un nouveau processus DDR (D\u00e9sarmement, D\u00e9mobilisation et R\u00e9int\u00e9gration). Cet Accord pr\u00e9voit notamment en son article 18 un processus de cantonnement des ex-combattants, les combattants \u00e9tant appel\u00e9s \u00e0 \u00eatre soit int\u00e9gr\u00e9s au sein des corps constitu\u00e9s de l\u2019\u00c9tat (y compris les forces de d\u00e9fense et de s\u00e9curit\u00e9), soit dans la vie civile.<\/p><p class=\"TX_Lato_150\">L\u2019article 20 de l\u2019Accord pr\u00e9voit que le dit M\u00e9canisme Op\u00e9rationnel de Coordination (MOC) s\u2019assure du red\u00e9ploiement des forces arm\u00e9es de s\u00e9curit\u00e9 et de d\u00e9fense reconstitu\u00e9es. Pr\u00e8s de 300 membres de chaque groupe signataire de l\u2019Accord devaient initialement b\u00e9n\u00e9ficier de cette r\u00e9int\u00e9gration.<\/p>\t\t\t\t\t\t\t\t<\/div>\n\t\t\t\t<\/div>\n\t\t\t\t\t<\/div>\n\t\t\t\t<\/div>\n\t\t<div class=\"elementor-element elementor-element-06b545e e-flex e-con-boxed e-con e-parent\" data-id=\"06b545e\" data-element_type=\"container\">\n\t\t\t\t\t<div class=\"e-con-inner\">\n\t\t\t\t<div class=\"elementor-element elementor-element-6c1f0b5 elementor-widget__width-initial elementor-widget elementor-widget-text-editor\" data-id=\"6c1f0b5\" data-element_type=\"widget\" data-widget_type=\"text-editor.default\">\n\t\t\t\t\t\t\t\t\t<p class=\"p1\">Un\u00a0<a href=\"https:\/\/www.facebook.com\/permalink.php?story_fbid=pfbid0BEcoSrC35M5QoZUyVCtVUHGvdUDbRy9ypHtWsNMVmyoHfwUsTt7kQYuZvU7xHtf4l&amp;id=528524953890825\"><span class=\"s1\">communique du gouvernement<\/span><\/a>\u00a0en date du 5 ao\u00fbt 2022 a fait valoir de nouvelles dispositions :<\/p><p class=\"p1\">\u2022 L\u2019int\u00e9gration de 26. 000 ex-combattants en deux tranches sur la p\u00e9riode 2023-2024.<\/p><p class=\"p1\">\u2022 La cr\u00e9ation et l&#8217;op\u00e9rationnalisation d&#8217;une commission ad hoc charg\u00e9e de conduire les travaux et de formuler des propositions pour la gestion au cas par cas des hauts cadres civils et militaires des mouvements signataires.<\/p><p class=\"p1\">\u2022 L\u2019engagement du gouvernement \u00e0 prendre toutes les dispositions n\u00e9cessaires pour diligenter les r\u00e9formes politiques et institutionnelles non li\u00e9es \u00e0 la r\u00e9forme constitutionnelle.<\/p>\t\t\t\t\t\t\t\t<\/div>\n\t\t<div class=\"elementor-element elementor-element-a909d67 e-con-full e-flex e-con e-child\" data-id=\"a909d67\" data-element_type=\"container\">\n\t\t\t\t<div class=\"elementor-element elementor-element-90c750b elementor-widget elementor-widget-image\" data-id=\"90c750b\" data-element_type=\"widget\" data-widget_type=\"image.default\">\n\t\t\t\t\t\t\t\t\t\t\t\t\t\t\t<img loading=\"lazy\" decoding=\"async\" width=\"474\" height=\"316\" src=\"https:\/\/africansecuritynetwork.org\/HSGO4\/wp-content\/uploads\/2024\/12\/ffaa_foto.jpg\" class=\"attachment-large size-large wp-image-370\" alt=\"\" srcset=\"https:\/\/africansecuritynetwork.org\/HSGO4\/wp-content\/uploads\/2024\/12\/ffaa_foto.jpg 474w, https:\/\/africansecuritynetwork.org\/HSGO4\/wp-content\/uploads\/2024\/12\/ffaa_foto-300x200.jpg 300w\" sizes=\"(max-width: 474px) 100vw, 474px\" \/>\t\t\t\t\t\t\t\t\t\t\t\t\t\t\t<\/div>\n\t\t\t\t<\/div>\n\t\t<div class=\"elementor-element elementor-element-f4030cb e-con-full e-flex e-con e-child\" data-id=\"f4030cb\" data-element_type=\"container\">\n\t\t\t\t<div class=\"elementor-element elementor-element-b668f2f elementor-widget elementor-widget-text-editor\" data-id=\"b668f2f\" data-element_type=\"widget\" data-widget_type=\"text-editor.default\">\n\t\t\t\t\t\t\t\t\t<p class=\"TX_Lato_150\">Suite \u00e0 l\u2019annonce du\u00a0<a class=\"nonblock\" href=\"https:\/\/minusma.unmissions.org\/sites\/default\/files\/res_2690_2023_fr.pdf\" target=\"_blank\" rel=\"noopener\">non-renouvellement du mandat<\/a>\u00a0de la\u00a0<a class=\"nonblock\" href=\"https:\/\/reliefweb.int\/report\/mali\/will-it-be-minusma-la-carte-or-geopolitical-endgame-mali\" target=\"_blank\" rel=\"noopener\">MINUSMA<\/a>, les hostilit\u00e9s ont repris le 11 ao\u00fbt 2023 entre l\u2019arm\u00e9e malienne r\u00e9guli\u00e8re et la Coordination des mouvements de l\u2019AZAWAD (CMA) indiquant agir au nom du CSP-PSD (<a class=\"nonblock\" href=\"https:\/\/cadre-strategique.com\/apropos\/\" target=\"_blank\" rel=\"noopener\">Cadre Strat\u00e9gique<\/a>\u00a0Permanent pour la Paix, la S\u00e9curit\u00e9 et le D\u00e9veloppement), interrogeant sur l\u2019avenir de<a class=\"nonblock\" href=\"https:\/\/peacemaker.un.org\/sites\/peacemaker.un.org\/files\/Accord%20pour%20la%20Paix%20et%20la%20R%C3%A9conciliation%20au%20Mali%20-%20Issu%20du%20Processus%20d'Alger_0.pdf\" target=\"_blank\" rel=\"noopener\">\u00a0l\u2019Accord pour la Paix et la R\u00e9conciliation de 2015<\/a>.<\/p><p class=\"TX_Lato_150\">L\u2019Accord pour la Paix et la R\u00e9conciliation issu du processus d\u2019Alger de 2015 a pr\u00e9vu que les unit\u00e9s arm\u00e9es des mouvements signataires int\u00e8grent l\u2019arm\u00e9e nationale dans le cadre du processus DDR (D\u00e9sarmement, D\u00e9mobilisation, R\u00e9int\u00e9gration) afin de constituer une \u00ab arm\u00e9e reconstitu\u00e9e \u00bb.<\/p>\t\t\t\t\t\t\t\t<\/div>\n\t\t\t\t<\/div>\n\t\t<div class=\"elementor-element elementor-element-f67a9f5 e-con-full e-flex e-con e-child\" data-id=\"f67a9f5\" data-element_type=\"container\">\n\t\t<div class=\"elementor-element elementor-element-00cc955 e-con-full e-flex e-con e-child\" data-id=\"00cc955\" data-element_type=\"container\">\n\t\t\t\t<div class=\"elementor-element elementor-element-08c5fa6 elementor-widget elementor-widget-menu-anchor\" data-id=\"08c5fa6\" data-element_type=\"widget\" data-widget_type=\"menu-anchor.default\">\n\t\t\t\t\t\t\t<div class=\"elementor-menu-anchor\" id=\"assis\"><\/div>\n\t\t\t\t\t\t<\/div>\n\t\t\t\t<\/div>\n\t\t\t\t<div class=\"elementor-element elementor-element-8d73c67 elementor-widget elementor-widget-text-editor\" data-id=\"8d73c67\" data-element_type=\"widget\" data-widget_type=\"text-editor.default\">\n\t\t\t\t\t\t\t\t\t<h5 class=\"p1\"><b>L\u2019assistance internationale renvoie aussi bien \u00e0 la coop\u00e9ration bilat\u00e9rale qu\u2019\u00e0 la coop\u00e9ration multilat\u00e9rale :<\/b><\/h5>\t\t\t\t\t\t\t\t<\/div>\n\t\t\t\t<\/div>\n\t\t<div class=\"elementor-element elementor-element-60055ac e-con-full e-flex e-con e-child\" data-id=\"60055ac\" data-element_type=\"container\" data-settings=\"{&quot;background_background&quot;:&quot;classic&quot;}\">\n\t\t\t\t<div class=\"elementor-element elementor-element-3e34aca elementor-widget elementor-widget-text-editor\" data-id=\"3e34aca\" data-element_type=\"widget\" data-widget_type=\"text-editor.default\">\n\t\t\t\t\t\t\t\t\t<p>Plusieurs forces \u00e9trang\u00e8res ont\u00a0<a class=\"nonblock\" href=\"https:\/\/www.africansecuritynetwork.org\/HSGO\/assets\/traite-de-cooperation.pdf\" target=\"_blank\" rel=\"noopener\">op\u00e9r\u00e9 au Mali\u00a0<\/a>depuis le 9 janvier 2013, date du d\u00e9but de l\u2019intervention fran\u00e7aise au Mali dans le cadre de\u00a0<a class=\"nonblock\" href=\"https:\/\/www.defense.gouv.fr\/operations\/operations-achevees-afrique\/operation-serval-2013-2014\" target=\"_blank\" rel=\"noopener\">l\u2019Op\u00e9ration Serval<\/a>, \u00e0 laquelle ont succ\u00e9d\u00e9\u00a0<a class=\"nonblock\" href=\"https:\/\/www.defense.gouv.fr\/operations\/bande-sahelo-saharienne\/operation-barkhane\" target=\"_blank\" rel=\"noopener\">l\u2019Op\u00e9ration Barkhane<\/a>\u00a0en 2014 puis l\u2019Op\u00e9ration europ\u00e9enne\u00a0<a class=\"nonblock\" href=\"https:\/\/www.africansecuritynetwork.org\/HSGO\/assets\/takuba_france-sofa.pdf\" target=\"_blank\" rel=\"noopener\">Takuba<\/a>\u00a0qui lui a \u00e9t\u00e9 affili\u00e9e. Les forces fran\u00e7aises et europ\u00e9ennes ont cependant d\u00fb quitter le Mali, le d\u00e9part du dernier soldat fran\u00e7ais ayant eu lieu le\u00a0<a class=\"nonblock\" href=\"https:\/\/ca.ambafrance.org\/IMG\/pdf\/20220630_takuba_fin_des_ops_cp_v.fr_v1.4.pdf?9931\/25169fa3d78c1fe8d360d21b6b4d1204f751a99d\" target=\"_blank\" rel=\"noopener\">15 ao\u00fbt 2022<\/a>\u00a0tandis que tous les accords fondant leur pr\u00e9sence sur le territoire malien ont \u00e9t\u00e9 d\u00e9nonc\u00e9s par les autorit\u00e9s du pays.<\/p>\t\t\t\t\t\t\t\t<\/div>\n\t\t\t\t<\/div>\n\t\t<div class=\"elementor-element elementor-element-85da9ea e-con-full e-flex e-con e-child\" data-id=\"85da9ea\" data-element_type=\"container\" data-settings=\"{&quot;background_background&quot;:&quot;classic&quot;}\">\n\t\t\t\t<div class=\"elementor-element elementor-element-b92732f elementor-widget elementor-widget-text-editor\" data-id=\"b92732f\" data-element_type=\"widget\" data-widget_type=\"text-editor.default\">\n\t\t\t\t\t\t\t\t\t<p id=\"u31000-3\" class=\"TX_Lato_150\">La Mission multidimensionnelle int\u00e9gr\u00e9e des Nations unies pour la stabilisation au Mali (MINUSMA) , cr\u00e9\u00e9e par la r\u00e9solution 2100 du Conseil de s\u00e9curit\u00e9, du 25 avril 2013, a eu pour\u00a0 t\u00e2ches prioritaires au fil des ans : la s\u00e9curisation, la stabilisation, la protection des civils, l&#8217;appui au dialogue politique national et \u00e0 la r\u00e9conciliation nationale, l\u2019appui \u00e0 la mise en \u0153uvre de l\u2019Accord de paix de 2025, l&#8217;appui au r\u00e9tablissement de l\u2019autorit\u00e9 de l\u2019\u00c9tat sur tout le territoire, la reconstruction du secteur de la s\u00e9curit\u00e9 malien, la promotion et la protection des droits de l\u2019homme, l\u2019aide humanitaire.<\/p><p id=\"u31000-8\" class=\"TX_Lato_150\">\u00c0 la suite d\u2019une lettre du gouvernement de transition malien adress\u00e9e au Pr\u00e9sident du Conseil de s\u00e9curit\u00e9 demandant le retrait sans d\u00e9lai de la MINUSMA, le Conseil de s\u00e9curit\u00e9 a d\u00e9cid\u00e9 de mettre fin au mandat de la MINUSMA par la\u00a0<a class=\"nonblock\" href=\"https:\/\/minusma.unmissions.org\/sites\/default\/files\/res_2690_2023_fr.pdf\" target=\"_blank\" rel=\"noopener\">r\u00e9solution 2690<\/a>\u00a0prenant effet le 30 Juin 2023 et fixant la date d\u2019ach\u00e8vement du processus de retrait de la mission au 31 D\u00e9cembre 2023.<\/p><p id=\"u31000-8\" class=\"TX_Lato_150\"><a href=\"https:\/\/asfcanada.ca\/wp-content\/uploads\/2022\/06\/loi-entente-nationale-menace-paix-droits-victimes.pdf\">La loi d\u2019entente nationale : une menace pour la paix, la r\u00e9conciliation et les droits des victimes au mali<\/a><\/p>\t\t\t\t\t\t\t\t<\/div>\n\t\t\t\t<\/div>\n\t\t\t\t\t<\/div>\n\t\t\t\t<\/div>\n\t\t<div class=\"elementor-element elementor-element-adee5b2 e-flex e-con-boxed e-con e-parent\" data-id=\"adee5b2\" data-element_type=\"container\">\n\t\t\t\t\t<div class=\"e-con-inner\">\n\t\t\t\t<div class=\"elementor-element elementor-element-42d8e9c elementor-fixed elementor-view-default elementor-widget elementor-widget-icon\" data-id=\"42d8e9c\" data-element_type=\"widget\" data-settings=\"{&quot;_position&quot;:&quot;fixed&quot;}\" data-widget_type=\"icon.default\">\n\t\t\t\t\t\t\t<div class=\"elementor-icon-wrapper\">\n\t\t\t<a class=\"elementor-icon\" href=\"#header\">\n\t\t\t<svg aria-hidden=\"true\" class=\"e-font-icon-svg e-fas-arrow-circle-up\" viewBox=\"0 0 512 512\" xmlns=\"http:\/\/www.w3.org\/2000\/svg\"><path d=\"M8 256C8 119 119 8 256 8s248 111 248 248-111 248-248 248S8 393 8 256zm143.6 28.9l72.4-75.5V392c0 13.3 10.7 24 24 24h16c13.3 0 24-10.7 24-24V209.4l72.4 75.5c9.3 9.7 24.8 9.9 34.3.4l10.9-11c9.4-9.4 9.4-24.6 0-33.9L273 107.7c-9.4-9.4-24.6-9.4-33.9 0L106.3 240.4c-9.4 9.4-9.4 24.6 0 33.9l10.9 11c9.6 9.5 25.1 9.3 34.4-.4z\"><\/path><\/svg>\t\t\t<\/a>\n\t\t<\/div>\n\t\t\t\t\t\t<\/div>\n\t\t\t\t\t<\/div>\n\t\t\t\t<\/div>\n\t\t\t\t<\/div>\n\t\t","protected":false},"excerpt":{"rendered":"<p>Acteurs et institutions s\u00e9curitaires de l&#8217;\u00c9tat Malien Les Forces Arm\u00e9es La Police Nationale Le processus DDR L\u2019assistance internationale Les Forces Arm\u00e9es Maliennes &#8211; FAMA L\u2019arm\u00e9e malienne a \u00e9t\u00e9 cr\u00e9\u00e9 le 1 octobre 1960 apr\u00e8s l\u2019accession \u00e0 l\u2019ind\u00e9pendance de la R\u00e9publique du Mali. Source:\u00a0Ordonnance n\u00b02019-001\/P-RM du 4 mars 2019 portant cr\u00e9ation de l\u2019Arm\u00e9e de Terre ; [&hellip;]<\/p>\n","protected":false},"author":1,"featured_media":0,"parent":0,"menu_order":0,"comment_status":"closed","ping_status":"closed","template":"elementor_header_footer","meta":{"footnotes":""},"class_list":["post-6411","page","type-page","status-publish","hentry"],"aioseo_notices":[],"_links":{"self":[{"href":"https:\/\/africansecuritynetwork.org\/HSGO4\/index.php\/wp-json\/wp\/v2\/pages\/6411","targetHints":{"allow":["GET"]}}],"collection":[{"href":"https:\/\/africansecuritynetwork.org\/HSGO4\/index.php\/wp-json\/wp\/v2\/pages"}],"about":[{"href":"https:\/\/africansecuritynetwork.org\/HSGO4\/index.php\/wp-json\/wp\/v2\/types\/page"}],"author":[{"embeddable":true,"href":"https:\/\/africansecuritynetwork.org\/HSGO4\/index.php\/wp-json\/wp\/v2\/users\/1"}],"replies":[{"embeddable":true,"href":"https:\/\/africansecuritynetwork.org\/HSGO4\/index.php\/wp-json\/wp\/v2\/comments?post=6411"}],"version-history":[{"count":1,"href":"https:\/\/africansecuritynetwork.org\/HSGO4\/index.php\/wp-json\/wp\/v2\/pages\/6411\/revisions"}],"predecessor-version":[{"id":6412,"href":"https:\/\/africansecuritynetwork.org\/HSGO4\/index.php\/wp-json\/wp\/v2\/pages\/6411\/revisions\/6412"}],"wp:attachment":[{"href":"https:\/\/africansecuritynetwork.org\/HSGO4\/index.php\/wp-json\/wp\/v2\/media?parent=6411"}],"curies":[{"name":"wp","href":"https:\/\/api.w.org\/{rel}","templated":true}]}}